{"id":3014,"date":"2026-02-26T19:55:03","date_gmt":"2026-02-26T17:55:03","guid":{"rendered":"https:\/\/avocoop.com\/groupe\/"},"modified":"2026-03-05T14:24:09","modified_gmt":"2026-03-05T12:24:09","slug":"groupe","status":"publish","type":"page","link":"https:\/\/avocoop.com\/fr\/groupe\/","title":{"rendered":"Groupe"},"content":{"rendered":"<section class=\"l-section wpb_row us_custom_fd271ba1 height_medium full_height valign_center color_primary with_img\"><div class=\"l-section-img\" role=\"img\" aria-label=\"avocado producers at source\" data-img-width=\"1264\" data-img-height=\"848\" style=\"background-image: url(https:\/\/avocoop.com\/wp-content\/uploads\/2026\/03\/productores-de-aguacate-en-origen.png);\"><\/div><div class=\"l-section-overlay\" style=\"background:rgba(0,0,0,0.3)\"><\/div><div class=\"l-section-h i-cf\"><div class=\"g-cols vc_row via_flex valign_middle type_default stacking_default\"><div class=\"vc_col-sm-12 wpb_column vc_column_container\"><div class=\"vc_column-inner\"><div class=\"wpb_wrapper\">[vc_custom_heading text=\u00a0\u00bbGroupe Avocoop\u00a0\u00bb font_container=\u00a0\u00bbtag:h1|text_align:center\u00a0\u00bb use_theme_fonts=\u00a0\u00bbyes\u00a0\u00bb css=\u00a0\u00bb%7B%22default%22%3A%7B%22font-size%22%3A%222.2rem%22%7D%7D\u00a0\u00bb]<div class=\"g-cols wpb_row via_flex valign_top type_boxes stacking_default\"><div class=\"vc_col-sm-6 wpb_column vc_column_container\"><div class=\"vc_column-inner us_custom_7c079449\"><div class=\"wpb_wrapper\"><div class=\"wpb_text_column\"><div class=\"wpb_wrapper\"><h2>N\u00e9 en <span class=\"anio-grande\">2023<\/span><\/h2>\n<\/div><\/div><div class=\"wpb_text_column\"><div class=\"wpb_wrapper\"><p><strong><span style=\"font-size: 36pt;\">Il est le fruit d&rsquo;une alliance strat\u00e9gique entre trois entreprises agricoles, <a href=\"https:\/\/eurofresh.net\/\" target=\"_blank\" rel=\"noopener\">Eurofresh<\/a>, <a href=\"https:\/\/www.vicenteginer.com\/\" target=\"_blank\" rel=\"noopener\">Vicente Giner<\/a> et <a href=\"https:\/\/agricolapacificosur.com\/\" target=\"_blank\" rel=\"noopener\">Agr\u00edcola Pac\u00edfico Sur<\/a>.<\/span><\/strong><\/p>\n<p><strong><span style=\"font-size: 36pt;\">Nous partagions la m\u00eame vision et la m\u00eame conviction:<\/span><\/strong><\/p>\n<p><strong><span style=\"font-size: 36pt;\">\u00abSeul un mod\u00e8le global pr\u00e9sent \u00e0 chaque \u00e9tape du processus peut donner de bons r\u00e9sultats\u00bb.<\/span><\/strong><\/p>\n<\/div><\/div><\/div><\/div><\/div><div class=\"vc_col-sm-6 wpb_column vc_column_container\"><div class=\"vc_column-inner us_custom_b6a72ce1\"><div class=\"wpb_wrapper\"><\/div><\/div><\/div><\/div><\/div><\/div><\/div><\/div><\/div><\/section><section class=\"l-section wpb_row us_custom_922cff45 height_medium width_full\"><div class=\"l-section-h i-cf\"><div class=\"g-cols vc_row via_flex valign_top type_default stacking_default\"><div class=\"vc_col-sm-12 wpb_column vc_column_container\"><div class=\"vc_column-inner us_custom_b74f6679 us_animate_this\"><div class=\"wpb_wrapper\"><div class=\"w-video us_custom_2d9ebfef imagen-fullwidth align_center ratio_16x9\"><div class=\"w-video-h\"><video  preload=\"metadata\" playsinline autoplay loop muted><source type=\"video\/mp4\" src=\"https:\/\/avocoop.com\/wp-content\/uploads\/2026\/02\/Video-Eurofresh.mp4\" \/><\/video><\/div><\/div><div class=\"w-separator size_small\"><\/div><div class=\"g-cols wpb_row us_custom_92ce82f3 via_flex valign_top type_default stacking_default\"><div class=\"vc_col-sm-12 wpb_column vc_column_container\"><div class=\"vc_column-inner\"><div class=\"wpb_wrapper\"><div class=\"wpb_text_column us_custom_465b4145\"><div class=\"wpb_wrapper\"><p><strong>Eurofresh<\/strong> apporte son savoir-faire technique, sa capacit\u00e9 op\u00e9rationnelle, son leadership en mati\u00e8re d&rsquo;agriculture durable et ses 400 hectares de cultures.<\/p>\n<p>Il y a 25 ans, l&rsquo;entreprise s&rsquo;est lanc\u00e9e dans l&rsquo;aventure en devenant pionni\u00e8re dans la culture d&rsquo;avocats biologiques en <a href=\"https:\/\/avocoop.com\/fr\/origen\/espagne\/\" target=\"_blank\" rel=\"noopener\">Espagne<\/a>, au <a href=\"https:\/\/avocoop.com\/fr\/origen\/perou\/\">P\u00e9rou<\/a>, en <a href=\"https:\/\/avocoop.com\/fr\/origen\/republique-dominicaine\/\" target=\"_blank\" rel=\"noopener\">R\u00e9publique Dominicaine<\/a> et en <a href=\"https:\/\/avocoop.com\/fr\/origen\/colombie\/\" target=\"_blank\" rel=\"noopener\">Colombie<\/a>. Aujourd&rsquo;hui, elle est leader sur le march\u00e9 europ\u00e9en des avocats biologiques.<\/p>\n<\/div><\/div><\/div><\/div><\/div><\/div><\/div><\/div><\/div><\/div><\/div><\/section><section class=\"l-section wpb_row us_custom_043e4852 height_medium width_full\"><div class=\"l-section-h i-cf\"><div class=\"g-cols vc_row via_flex valign_top type_default stacking_default\"><div class=\"vc_col-sm-12 wpb_column vc_column_container\"><div class=\"vc_column-inner us_custom_b74f6679 us_animate_this\"><div class=\"wpb_wrapper\"><div class=\"w-image us_custom_2d9ebfef imagen-fullwidth has_ratio align_center\"><div class=\"w-image-h\"><div style=\"padding-bottom:56.25%\"><\/div><img decoding=\"async\" width=\"1920\" height=\"1080\" src=\"https:\/\/avocoop.com\/wp-content\/uploads\/2026\/02\/Foto-Vicente-Giner.jpg\" class=\"attachment-full size-full\" alt=\"Foto Vicente Giner\" loading=\"lazy\" \/><\/div><\/div><div class=\"w-separator size_small\"><\/div><div class=\"g-cols wpb_row us_custom_92ce82f3 via_flex valign_top type_default stacking_default\"><div class=\"vc_col-sm-12 wpb_column vc_column_container\"><div class=\"vc_column-inner\"><div class=\"wpb_wrapper\"><div class=\"wpb_text_column us_custom_465b4145\"><div class=\"wpb_wrapper\"><p><strong>Vicente Giner,<\/strong> plus de 80 ans d&rsquo;exp\u00e9rience. Dirig\u00e9e par la quatri\u00e8me g\u00e9n\u00e9ration, l&rsquo;entreprise poss\u00e8de 260 hectares d&rsquo;avocatiers et 2 000 hectares d&rsquo;agrumes en Espagne. Elle consolide ainsi des bases solides pour le long terme. Sa passion pour l&rsquo;agriculture et sa strat\u00e9gie ax\u00e9e sur la qualit\u00e9 en font une r\u00e9f\u00e9rence dans le secteur.<\/p>\n<\/div><\/div><\/div><\/div><\/div><\/div><\/div><\/div><\/div><\/div><\/div><\/section><section class=\"l-section wpb_row us_custom_043e4852 height_medium width_full\"><div class=\"l-section-h i-cf\"><div class=\"g-cols vc_row via_flex valign_top type_default stacking_default\"><div class=\"vc_col-sm-12 wpb_column vc_column_container\"><div class=\"vc_column-inner us_custom_b74f6679 us_animate_this\"><div class=\"wpb_wrapper\"><div class=\"w-video us_custom_2d9ebfef imagen-fullwidth align_center ratio_16x9\"><div class=\"w-video-h\"><video  preload=\"metadata\" playsinline autoplay loop muted><source type=\"video\/mp4\" src=\"https:\/\/avocoop.com\/wp-content\/uploads\/2026\/02\/Video-APS.mp4\" \/><\/video><\/div><\/div><div class=\"w-separator size_small\"><\/div><div class=\"g-cols wpb_row us_custom_92ce82f3 via_flex valign_top type_default stacking_default\"><div class=\"vc_col-sm-12 wpb_column vc_column_container\"><div class=\"vc_column-inner\"><div class=\"wpb_wrapper\"><div class=\"wpb_text_column us_custom_465b4145\"><div class=\"wpb_wrapper\"><p><strong>Agr\u00edcola Pac\u00edfico Sur (APS)<\/strong> compte plus de 1 100 hectares productifs, renfor\u00e7ant ainsi la dimension internationale et la capacit\u00e9 d&rsquo;approvisionnement du groupe au <a href=\"https:\/\/avocoop.com\/fr\/origen\/chili\/\" target=\"_blank\" rel=\"noopener\">Chili<\/a>, au P\u00e9rou et en Colombie.<\/p>\n<p>La combinaison de ces trois structures permet \u00e0 <a href=\"https:\/\/avocoop.com\/fr\/\" target=\"_blank\" rel=\"noopener\">Avocoop<\/a> de fonctionner selon un mod\u00e8le vertical int\u00e9gr\u00e9.<\/p>\n<\/div><\/div><\/div><\/div><\/div><\/div><\/div><\/div><\/div><\/div><\/div><\/section><section class=\"l-section wpb_row us_custom_d3a246f2 height_medium full_height valign_bottom color_primary\"><div class=\"l-section-overlay\" style=\"background:rgba(0,0,0,0.4)\"><\/div><div class=\"l-section-h i-cf\"><div class=\"g-cols vc_row via_flex valign_top type_default stacking_default\"><div class=\"vc_col-sm-12 wpb_column vc_column_container\"><div class=\"vc_column-inner\"><div class=\"wpb_wrapper\"><div class=\"wpb_text_column us_custom_9de87d4e\"><div class=\"wpb_wrapper\"><p><strong><span style=\"font-size: 36pt;\">\u00abL&rsquo;association de l&rsquo;exp\u00e9rience en mati\u00e8re de production,<br \/>\nde la capacit\u00e9 commerciale et<br \/>\nde la pr\u00e9sence internationale cr\u00e9e un mod\u00e8le vertical int\u00e9gr\u00e9:<br \/>\nproduction propre, contr\u00f4le agronomique<br \/>\net gestion directe \u00e0 la source.\u00bb<\/span><\/strong><\/p>\n<\/div><\/div><\/div><\/div><\/div><\/div><\/div><\/section>\n","protected":false},"excerpt":{"rendered":"[vc_custom_heading text=\"Groupe Avocoop\" font_container=\"tag:h1|text_align:center\" use_theme_fonts=\"yes\" css=\"%7B%22default%22%3A%7B%22font-size%22%3A%222.2rem%22%7D%7D\"]N\u00e9 en 2023 Il est le fruit d&rsquo;une alliance strat\u00e9gique entre trois entreprises agricoles, Eurofresh, Vicente Giner et Agr\u00edcola Pac\u00edfico Sur. Nous partagions la m\u00eame vision et la m\u00eame conviction: \u00abSeul un mod\u00e8le global pr\u00e9sent \u00e0 chaque \u00e9tape du processus peut donner de bons r\u00e9sultats\u00bb. Eurofresh apporte son savoir-faire technique,...","protected":false},"author":1,"featured_media":0,"parent":0,"menu_order":0,"comment_status":"closed","ping_status":"closed","template":"","meta":{"_acf_changed":false,"footnotes":""},"class_list":["post-3014","page","type-page","status-publish","hentry"],"acf":[],"yoast_head":"<!-- This site is optimized with the Yoast SEO plugin v27.5 - https:\/\/yoast.com\/product\/yoast-seo-wordpress\/ -->\n<title>Marques d&#039;avocats | Vari\u00e9t\u00e9s d&#039;avocats | Avocoop<\/title>\n<meta name=\"description\" content=\"D\u00e9couvrez les marques d&#039;avocats avec lesquelles nous travaillons chez Avocoop. D\u00e9couvrez les vari\u00e9t\u00e9s d&#039;avocats que nous proposons et faites confiance \u00e0 notre qualit\u00e9.\" \/>\n<meta name=\"robots\" content=\"index, follow, max-snippet:-1, max-image-preview:large, max-video-preview:-1\" \/>\n<link rel=\"canonical\" href=\"https:\/\/avocoop.com\/fr\/groupe\/\" \/>\n<meta property=\"og:locale\" content=\"fr_FR\" \/>\n<meta property=\"og:type\" content=\"article\" \/>\n<meta property=\"og:title\" content=\"Marques d&#039;avocats | Vari\u00e9t\u00e9s d&#039;avocats | Avocoop\" \/>\n<meta property=\"og:description\" content=\"D\u00e9couvrez les marques d&#039;avocats avec lesquelles nous travaillons chez Avocoop. D\u00e9couvrez les vari\u00e9t\u00e9s d&#039;avocats que nous proposons et faites confiance \u00e0 notre qualit\u00e9.\" \/>\n<meta property=\"og:url\" content=\"https:\/\/avocoop.com\/fr\/groupe\/\" \/>\n<meta property=\"og:site_name\" content=\"Avocoop\" \/>\n<meta property=\"article:modified_time\" content=\"2026-03-05T12:24:09+00:00\" \/>\n<meta name=\"twitter:card\" content=\"summary_large_image\" \/>\n<meta name=\"twitter:label1\" content=\"Dur\u00e9e de lecture estim\u00e9e\" \/>\n\t<meta name=\"twitter:data1\" content=\"2 minutes\" \/>\n<script type=\"application\/ld+json\" class=\"yoast-schema-graph\">{\"@context\":\"https:\\\/\\\/schema.org\",\"@graph\":[{\"@type\":\"WebPage\",\"@id\":\"https:\\\/\\\/avocoop.com\\\/fr\\\/groupe\\\/\",\"url\":\"https:\\\/\\\/avocoop.com\\\/fr\\\/groupe\\\/\",\"name\":\"Marques d'avocats | Vari\u00e9t\u00e9s d'avocats | Avocoop\",\"isPartOf\":{\"@id\":\"https:\\\/\\\/avocoop.com\\\/fr\\\/#website\"},\"datePublished\":\"2026-02-26T17:55:03+00:00\",\"dateModified\":\"2026-03-05T12:24:09+00:00\",\"description\":\"D\u00e9couvrez les marques d'avocats avec lesquelles nous travaillons chez Avocoop. D\u00e9couvrez les vari\u00e9t\u00e9s d'avocats que nous proposons et faites confiance \u00e0 notre qualit\u00e9.\",\"breadcrumb\":{\"@id\":\"https:\\\/\\\/avocoop.com\\\/fr\\\/groupe\\\/#breadcrumb\"},\"inLanguage\":\"fr-FR\",\"potentialAction\":[{\"@type\":\"ReadAction\",\"target\":[\"https:\\\/\\\/avocoop.com\\\/fr\\\/groupe\\\/\"]}]},{\"@type\":\"BreadcrumbList\",\"@id\":\"https:\\\/\\\/avocoop.com\\\/fr\\\/groupe\\\/#breadcrumb\",\"itemListElement\":[{\"@type\":\"ListItem\",\"position\":1,\"name\":\"Portada\",\"item\":\"https:\\\/\\\/avocoop.com\\\/fr\\\/\"},{\"@type\":\"ListItem\",\"position\":2,\"name\":\"Groupe\"}]},{\"@type\":\"WebSite\",\"@id\":\"https:\\\/\\\/avocoop.com\\\/fr\\\/#website\",\"url\":\"https:\\\/\\\/avocoop.com\\\/fr\\\/\",\"name\":\"Avocoop\",\"description\":\"\",\"publisher\":{\"@id\":\"https:\\\/\\\/avocoop.com\\\/fr\\\/#organization\"},\"potentialAction\":[{\"@type\":\"SearchAction\",\"target\":{\"@type\":\"EntryPoint\",\"urlTemplate\":\"https:\\\/\\\/avocoop.com\\\/fr\\\/?s={search_term_string}\"},\"query-input\":{\"@type\":\"PropertyValueSpecification\",\"valueRequired\":true,\"valueName\":\"search_term_string\"}}],\"inLanguage\":\"fr-FR\"},{\"@type\":\"Organization\",\"@id\":\"https:\\\/\\\/avocoop.com\\\/fr\\\/#organization\",\"name\":\"Avocoop\",\"url\":\"https:\\\/\\\/avocoop.com\\\/fr\\\/\",\"logo\":{\"@type\":\"ImageObject\",\"inLanguage\":\"fr-FR\",\"@id\":\"https:\\\/\\\/avocoop.com\\\/fr\\\/#\\\/schema\\\/logo\\\/image\\\/\",\"url\":\"https:\\\/\\\/avocoop.com\\\/wp-content\\\/uploads\\\/2025\\\/09\\\/Logo-Verde-Militar.svg\",\"contentUrl\":\"https:\\\/\\\/avocoop.com\\\/wp-content\\\/uploads\\\/2025\\\/09\\\/Logo-Verde-Militar.svg\",\"width\":\"1024\",\"height\":\"1024\",\"caption\":\"Avocoop\"},\"image\":{\"@id\":\"https:\\\/\\\/avocoop.com\\\/fr\\\/#\\\/schema\\\/logo\\\/image\\\/\"}}]}<\/script>\n<!-- \/ Yoast SEO plugin. -->","yoast_head_json":{"title":"Marques d'avocats | Vari\u00e9t\u00e9s d'avocats | Avocoop","description":"D\u00e9couvrez les marques d'avocats avec lesquelles nous travaillons chez Avocoop. D\u00e9couvrez les vari\u00e9t\u00e9s d'avocats que nous proposons et faites confiance \u00e0 notre qualit\u00e9.","robots":{"index":"index","follow":"follow","max-snippet":"max-snippet:-1","max-image-preview":"max-image-preview:large","max-video-preview":"max-video-preview:-1"},"canonical":"https:\/\/avocoop.com\/fr\/groupe\/","og_locale":"fr_FR","og_type":"article","og_title":"Marques d'avocats | Vari\u00e9t\u00e9s d'avocats | Avocoop","og_description":"D\u00e9couvrez les marques d'avocats avec lesquelles nous travaillons chez Avocoop. D\u00e9couvrez les vari\u00e9t\u00e9s d'avocats que nous proposons et faites confiance \u00e0 notre qualit\u00e9.","og_url":"https:\/\/avocoop.com\/fr\/groupe\/","og_site_name":"Avocoop","article_modified_time":"2026-03-05T12:24:09+00:00","twitter_card":"summary_large_image","twitter_misc":{"Dur\u00e9e de lecture estim\u00e9e":"2 minutes"},"schema":{"@context":"https:\/\/schema.org","@graph":[{"@type":"WebPage","@id":"https:\/\/avocoop.com\/fr\/groupe\/","url":"https:\/\/avocoop.com\/fr\/groupe\/","name":"Marques d'avocats | Vari\u00e9t\u00e9s d'avocats | Avocoop","isPartOf":{"@id":"https:\/\/avocoop.com\/fr\/#website"},"datePublished":"2026-02-26T17:55:03+00:00","dateModified":"2026-03-05T12:24:09+00:00","description":"D\u00e9couvrez les marques d'avocats avec lesquelles nous travaillons chez Avocoop. D\u00e9couvrez les vari\u00e9t\u00e9s d'avocats que nous proposons et faites confiance \u00e0 notre qualit\u00e9.","breadcrumb":{"@id":"https:\/\/avocoop.com\/fr\/groupe\/#breadcrumb"},"inLanguage":"fr-FR","potentialAction":[{"@type":"ReadAction","target":["https:\/\/avocoop.com\/fr\/groupe\/"]}]},{"@type":"BreadcrumbList","@id":"https:\/\/avocoop.com\/fr\/groupe\/#breadcrumb","itemListElement":[{"@type":"ListItem","position":1,"name":"Portada","item":"https:\/\/avocoop.com\/fr\/"},{"@type":"ListItem","position":2,"name":"Groupe"}]},{"@type":"WebSite","@id":"https:\/\/avocoop.com\/fr\/#website","url":"https:\/\/avocoop.com\/fr\/","name":"Avocoop","description":"","publisher":{"@id":"https:\/\/avocoop.com\/fr\/#organization"},"potentialAction":[{"@type":"SearchAction","target":{"@type":"EntryPoint","urlTemplate":"https:\/\/avocoop.com\/fr\/?s={search_term_string}"},"query-input":{"@type":"PropertyValueSpecification","valueRequired":true,"valueName":"search_term_string"}}],"inLanguage":"fr-FR"},{"@type":"Organization","@id":"https:\/\/avocoop.com\/fr\/#organization","name":"Avocoop","url":"https:\/\/avocoop.com\/fr\/","logo":{"@type":"ImageObject","inLanguage":"fr-FR","@id":"https:\/\/avocoop.com\/fr\/#\/schema\/logo\/image\/","url":"https:\/\/avocoop.com\/wp-content\/uploads\/2025\/09\/Logo-Verde-Militar.svg","contentUrl":"https:\/\/avocoop.com\/wp-content\/uploads\/2025\/09\/Logo-Verde-Militar.svg","width":"1024","height":"1024","caption":"Avocoop"},"image":{"@id":"https:\/\/avocoop.com\/fr\/#\/schema\/logo\/image\/"}}]}},"_links":{"self":[{"href":"https:\/\/avocoop.com\/fr\/wp-json\/wp\/v2\/pages\/3014","targetHints":{"allow":["GET"]}}],"collection":[{"href":"https:\/\/avocoop.com\/fr\/wp-json\/wp\/v2\/pages"}],"about":[{"href":"https:\/\/avocoop.com\/fr\/wp-json\/wp\/v2\/types\/page"}],"author":[{"embeddable":true,"href":"https:\/\/avocoop.com\/fr\/wp-json\/wp\/v2\/users\/1"}],"replies":[{"embeddable":true,"href":"https:\/\/avocoop.com\/fr\/wp-json\/wp\/v2\/comments?post=3014"}],"version-history":[{"count":8,"href":"https:\/\/avocoop.com\/fr\/wp-json\/wp\/v2\/pages\/3014\/revisions"}],"predecessor-version":[{"id":3274,"href":"https:\/\/avocoop.com\/fr\/wp-json\/wp\/v2\/pages\/3014\/revisions\/3274"}],"wp:attachment":[{"href":"https:\/\/avocoop.com\/fr\/wp-json\/wp\/v2\/media?parent=3014"}],"curies":[{"name":"wp","href":"https:\/\/api.w.org\/{rel}","templated":true}]}}